{"id":184,"date":"2015-07-20T15:45:57","date_gmt":"2015-07-20T13:45:57","guid":{"rendered":"http:\/\/mostypomoci.sk\/?page_id=184"},"modified":"2025-12-15T10:03:55","modified_gmt":"2025-12-15T09:03:55","slug":"kurzy-reiky","status":"publish","type":"page","link":"https:\/\/www.mostypomoci.sk\/?page_id=184","title":{"rendered":"PREDN\u00c1\u0160KY \/ WEBIN\u00c1RE   2025"},"content":{"rendered":"<h4 style=\"text-align: center;\"><span style=\"color: #0000ff;\">Predn\u00e1\u0161ky a webin\u00e1re s\u00fa CERTIFIKOVAN\u00c9<\/span><\/h4>\n<p style=\"text-align: center;\">M\u0160VVaM SR: Certifik\u00e1cia RCVI_2025_000049 (23.05.2025)<\/p>\n<h3 style=\"text-align: center;\"><span style=\"color: #993366;\"><strong> realizovan\u00e9 pod\u013ea aktu\u00e1lnej ponuky, ktor\u00fa n\u00e1jdete na \u00favodnej str\u00e1nke,\u00a0<\/strong><\/span><\/h3>\n<p style=\"text-align: center;\">alebo<\/p>\n<h4 style=\"text-align: center;\"><span style=\"color: #0000ff;\">fb : MOSTY POMOCI fb:MODR\u00c1 SKRINKA a in\u00e9 predn\u00e1\u0161ky &#8230;, pr\u00edpadne po osobnej dohode.<\/span><\/h4>\n<p data-start=\"86\" data-end=\"125\"><strong data-start=\"86\" data-end=\"123\">Vitajte a \u010fakujeme za v\u00e1\u0161 z\u00e1ujem!<\/strong><\/p>\n<p data-start=\"127\" data-end=\"274\">Sme radi, \u017ee ste sa rozhodli z\u00fa\u010dastni\u0165 na\u0161\u00edch predn\u00e1\u0161ok.<\/p>\n<p data-start=\"127\" data-end=\"274\">Od roku 2015 sme tu pre v\u00e1s s cie\u013eom podpori\u0165 vzdel\u00e1vanie a kvalitn\u00fa opatrovate\u013esk\u00fa prax.<\/p>\n<p data-start=\"276\" data-end=\"455\">Na\u0161e predn\u00e1\u0161ky s\u00fa <strong data-start=\"294\" data-end=\"361\">certifikovan\u00e9 Ministerstvom \u0161kolstva, v\u00fdskumu, v\u00fdvoja a ml\u00e1de\u017ee SR<\/strong>\u00a0a prezentovan\u00e9 <strong data-start=\"377\" data-end=\"452\">lektormi s akredit\u00e1ciou Ministerstva pr\u00e1ce, soci\u00e1lnych vec\u00ed a rodiny SR<\/strong>.<\/p>\n<hr data-start=\"457\" data-end=\"460\" \/>\n<h3 data-start=\"462\" data-end=\"497\"><strong data-start=\"466\" data-end=\"497\">O mo\u017enostiach \u00fa\u010dasti a cene<\/strong><\/h3>\n<p data-start=\"498\" data-end=\"739\">\u2705 <strong data-start=\"500\" data-end=\"527\">Ak doklad nepotrebujete<\/strong>, predn\u00e1\u0161ka je pre v\u00e1s <strong data-start=\"550\" data-end=\"563\">bezplatn\u00e1<\/strong> \u2013 t\u00e1to mo\u017enos\u0165 je ur\u010den\u00e1 najm\u00e4 <strong data-start=\"595\" data-end=\"624\">neform\u00e1lnym opatrovate\u013eom<\/strong>, ktor\u00ed sa doma staraj\u00fa o svojich bl\u00edzkych. Budeme radi, ak n\u00e1s v takom pr\u00edpade podpor\u00edte dobrovo\u013en\u00fdm pr\u00edspevkom.<\/p>\n<p data-start=\"741\" data-end=\"940\">\u2705 <strong data-start=\"743\" data-end=\"777\">Ak doklad o \u00fa\u010dasti potrebujete<\/strong> (napr. pre zamestn\u00e1vate\u013ea alebo povinn\u00e9 vzdel\u00e1vanie), predn\u00e1\u0161ka je ur\u010den\u00e1 <strong data-start=\"852\" data-end=\"902\">pre form\u00e1lnych \u2013 profesion\u00e1lnych opatrovate\u013eov<\/strong> a je <strong data-start=\"908\" data-end=\"938\">spoplatnen\u00e1 sumou 30,00\u202f\u20ac.<\/strong><\/p>\n<p data-start=\"942\" data-end=\"1080\">\u010clenovia <strong data-start=\"951\" data-end=\"986\">Komory opatrovateliek Slovenska<\/strong> a <strong data-start=\"989\" data-end=\"1027\">absolventi n\u00e1\u0161ho kurzu opatrovania<\/strong> maj\u00fa z\u013eavu 10\u202f\u20ac, teda kone\u010dn\u00e1 cena je <strong data-start=\"1066\" data-end=\"1077\">20,00\u202f\u20ac<\/strong>.<\/p>\n<hr data-start=\"1082\" data-end=\"1085\" \/>\n<h3 data-start=\"1087\" data-end=\"1111\"><strong data-start=\"1091\" data-end=\"1111\">Ako sa z\u00fa\u010dastni\u0165<\/strong><\/h3>\n<p data-start=\"1112\" data-end=\"1376\">\ud83d\udfe2 <strong data-start=\"1115\" data-end=\"1125\">Osobne<\/strong> \u2013 v centre <strong data-start=\"1137\" data-end=\"1153\">Mosty pomoci<\/strong>, Fedinova\u202f6, Bratislava\u202f\u2013\u202fPetr\u017ealka.<br data-start=\"1190\" data-end=\"1193\" \/>N\u00e1jdete u n\u00e1s <strong data-start=\"1207\" data-end=\"1241\">teoretick\u00fa aj praktick\u00fa u\u010deb\u0148u<\/strong>, mal\u00e9 ob\u010derstvenie, kuchynku s chladni\u010dkou a mikrovlnkou. V bl\u00edzkosti je <strong data-start=\"1315\" data-end=\"1346\">pizzeria a re\u0161taur\u00e1cia Alfa<\/strong> vhodn\u00e1 na obedn\u00fa prest\u00e1vku.<\/p>\n<p data-start=\"1378\" data-end=\"1480\">\ud83d\udfe2 Na predn\u00e1\u0161ku sa m\u00f4\u017eete prihl\u00e1si\u0165 aj online \u2013 <strong data-start=\"1446\" data-end=\"1478\">v de\u0148 predn\u00e1\u0161ky od 9:00 hod.<\/strong><\/p>\n<p data-start=\"1482\" data-end=\"1587\"><strong data-start=\"1482\" data-end=\"1503\">Join Zoom Meeting<\/strong><br data-start=\"1503\" data-end=\"1506\" \/>\ud83d\udd17 <a class=\"\" href=\"https:\/\/us02web.zoom.us\/j\/6850453748\" target=\"_new\" rel=\"noopener\" data-start=\"1509\" data-end=\"1585\">https:\/\/us02web.zoom.us\/j\/6850453748<\/a><\/p>\n<p data-start=\"1589\" data-end=\"1641\"><strong data-start=\"1589\" data-end=\"1604\">Meeting ID:<\/strong> 685\u202f045\u202f3748<br data-start=\"1617\" data-end=\"1620\" \/><strong data-start=\"1620\" data-end=\"1633\">Passcode:<\/strong> Mosty<\/p>\n<p data-start=\"1643\" data-end=\"1705\">Nezabudnite pri prihl\u00e1sen\u00ed uvies\u0165 svoje meno a povoli\u0165 zvuk. Ak sa prip\u00e1jate cez mobiln\u00fd telef\u00f3n, po nadviazan\u00ed spojenia, klikn\u00fa\u0165 na n\u00e1pis pri ikone sl\u00fachadiel v \u013eavom dolnom rohu.<\/p>\n<p>&nbsp;<\/p>\n<h3 data-start=\"1712\" data-end=\"1731\"><strong data-start=\"1716\" data-end=\"1731\">Prihl\u00e1senie<\/strong><\/h3>\n<p data-start=\"1732\" data-end=\"1793\">Kapacita je obmedzen\u00e1, <strong data-start=\"1755\" data-end=\"1791\">je potrebn\u00e9 sa vopred prihl\u00e1si\u0165.<\/strong><\/p>\n<p data-start=\"1795\" data-end=\"1905\">\u2705 Prihl\u00e1\u0161ka na predn\u00e1\u0161ku: <a class=\"\" href=\"https:\/\/forms.office.com\/r\/dvc2SQp6jM\" target=\"_new\" rel=\"noopener\" data-start=\"1821\" data-end=\"1903\"><strong data-start=\"1822\" data-end=\"1863\">https:\/\/forms.office.com\/r\/dvc2SQp6jM<\/strong><\/a><\/p>\n<p data-start=\"1907\" data-end=\"1933\">Alebo naskenujte QR k\u00f3d:<\/p>\n<p data-start=\"1935\" data-end=\"2026\"><img loading=\"lazy\" decoding=\"async\" class=\"alignnone size-full wp-image-10891\" src=\"https:\/\/www.mostypomoci.sk\/wp-content\/uploads\/2025\/07\/Snimka-obrazovky-2025-07-13-061234.png\" alt=\"\" width=\"300\" height=\"298\" srcset=\"https:\/\/www.mostypomoci.sk\/wp-content\/uploads\/2025\/07\/Snimka-obrazovky-2025-07-13-061234.png 300w, https:\/\/www.mostypomoci.sk\/wp-content\/uploads\/2025\/07\/Snimka-obrazovky-2025-07-13-061234-150x150.png 150w, https:\/\/www.mostypomoci.sk\/wp-content\/uploads\/2025\/07\/Snimka-obrazovky-2025-07-13-061234-60x60.png 60w\" sizes=\"auto, (max-width: 300px) 100vw, 300px\" \/><\/p>\n<hr data-start=\"2028\" data-end=\"2031\" \/>\n<p data-start=\"2033\" data-end=\"2147\">V prie\u010dinku ,,Kontakt&#8220; n\u00e1jdete <strong data-start=\"2062\" data-end=\"2091\">mapu a \u010fal\u0161ie inform\u00e1cie:<\/strong><br data-start=\"2091\" data-end=\"2094\" \/>\ud83c\udf10 <a class=\"\" href=\"https:\/\/www.mostypomoci.sk\" target=\"_new\" rel=\"noopener\" data-start=\"2097\" data-end=\"2145\">www.mostypomoci.sk<\/a><\/p>\n<hr data-start=\"2149\" data-end=\"2152\" \/>\n<p data-start=\"2154\" data-end=\"2293\">Ak m\u00e1te ot\u00e1zky alebo potrebujete s \u010d\u00edmko\u013evek poradi\u0165, nev\u00e1hajte n\u00e1s kontaktova\u0165:<br data-start=\"2234\" data-end=\"2237\" \/>\ud83d\udce7 <strong data-start=\"2240\" data-end=\"2265\"><a class=\"cursor-pointer\" rel=\"noopener\" data-start=\"2242\" data-end=\"2263\">mostypomoci@gmail.com<\/a><\/strong><br data-start=\"2265\" data-end=\"2268\" \/>\ud83d\udcde <strong data-start=\"2271\" data-end=\"2291\">+421\u202f903\u202f762\u202f722<\/strong><\/p>\n<p data-start=\"2295\" data-end=\"2328\">Te\u0161\u00edme sa na stretnutie s vami!<\/p>\n<p data-start=\"2330\" data-end=\"2352\"><strong data-start=\"2330\" data-end=\"2350\">T\u00edm Mosty pomoci<\/strong><\/p>\n<hr data-start=\"2354\" data-end=\"2357\" \/>\n<p data-start=\"2359\" data-end=\"2521\"><em data-start=\"2359\" data-end=\"2519\">\u010cinnos\u0165 organiz\u00e1cie je realizovan\u00e1 aj v\u010faka podpore z dot\u00e1cie poskytnutej na z\u00e1klade uznesenia Miestneho zastupite\u013estva mestskej \u010dasti Bratislava \u2013 Petr\u017ealka.<\/em><\/p>\n<h1 data-start=\"2359\" data-end=\"2521\"><span style=\"color: #3366ff;\">PONUKA PREDN\u00c1\u0160OK:<\/span><\/h1>\n<ul>\n<li>\n<h3><em><strong>Baz\u00e1lna stimul\u00e1cia<\/strong> :<\/em><\/h3>\n<\/li>\n<\/ul>\n<p>\u010do je baz\u00e1lna stimul\u00e1cia, pre koho je vhodn\u00e1, polohovanie pod\u013ea baz\u00e1lnej stimul\u00e1cie<\/p>\n<p><strong>\u00a0<img loading=\"lazy\" decoding=\"async\" class=\"alignnone size-medium wp-image-8998\" src=\"https:\/\/www.mostypomoci.sk\/wp-content\/uploads\/2022\/01\/BZ-2-300x169.jpg\" alt=\"\" width=\"300\" height=\"169\" srcset=\"https:\/\/www.mostypomoci.sk\/wp-content\/uploads\/2022\/01\/BZ-2-300x169.jpg 300w, https:\/\/www.mostypomoci.sk\/wp-content\/uploads\/2022\/01\/BZ-2-768x432.jpg 768w, https:\/\/www.mostypomoci.sk\/wp-content\/uploads\/2022\/01\/BZ-2-1024x576.jpg 1024w, https:\/\/www.mostypomoci.sk\/wp-content\/uploads\/2022\/01\/BZ-2.jpg 1600w\" sizes=\"auto, (max-width: 300px) 100vw, 300px\" \/><\/strong><\/p>\n<ul>\n<li>\n<h3><em><strong>Dekubitus \/ Prele\u017eanina &#8211; prevencia<\/strong> :<\/em><\/h3>\n<\/li>\n<\/ul>\n<p>\u010do je dekubitus, prevencia, polohovanie na predch\u00e1dzanie vzniku prele\u017ean\u00edn<\/p>\n<p><img loading=\"lazy\" decoding=\"async\" class=\"alignnone size-medium wp-image-8999\" src=\"https:\/\/www.mostypomoci.sk\/wp-content\/uploads\/2022\/01\/dekubitus-gefaehrdete-koerperstellen-300x245.jpg\" alt=\"\" width=\"300\" height=\"245\" srcset=\"https:\/\/www.mostypomoci.sk\/wp-content\/uploads\/2022\/01\/dekubitus-gefaehrdete-koerperstellen-300x245.jpg 300w, https:\/\/www.mostypomoci.sk\/wp-content\/uploads\/2022\/01\/dekubitus-gefaehrdete-koerperstellen-768x627.jpg 768w, https:\/\/www.mostypomoci.sk\/wp-content\/uploads\/2022\/01\/dekubitus-gefaehrdete-koerperstellen-1024x836.jpg 1024w, https:\/\/www.mostypomoci.sk\/wp-content\/uploads\/2022\/01\/dekubitus-gefaehrdete-koerperstellen.jpg 1300w\" sizes=\"auto, (max-width: 300px) 100vw, 300px\" \/><\/p>\n<p><strong>\u00a0<\/strong><\/p>\n<ul>\n<li>\n<h3><em><strong>Diabetes mellitus \/ Cukrovka \/ syndr\u00f3m diabetickej nohy<\/strong> :<\/em><\/h3>\n<\/li>\n<\/ul>\n<p>\u010do je DM I. \/ DM II. , rizik\u00e1, prevencia, 1. pomoc v ak\u00fatnych situ\u00e1ci\u00e1ch , \u010do je syndr\u00f3m diabetickej nohy \/ meranie glyk\u00e9mie, pod\u00e1vanie inzul\u00ednu a in\u00fdch s. c. injekcii<\/p>\n<p><img loading=\"lazy\" decoding=\"async\" class=\"alignnone size-medium wp-image-8997\" src=\"https:\/\/www.mostypomoci.sk\/wp-content\/uploads\/2022\/01\/300px-3D_medical_animation_still_of_Type_One_Diabetes-300x169.jpg\" alt=\"\" width=\"300\" height=\"169\" \/><\/p>\n<ul>\n<li>\n<h3><em><strong>Ergon\u00f3mia a kinestetika <\/strong>\u00a0:<\/em><\/h3>\n<\/li>\n<\/ul>\n<p>Ako si upravi\u0165 pracovn\u00e9 prostredie, ako sa chr\u00e1ni\u0165, ak\u00e9 pom\u00f4cky je vhodn\u00e9 pou\u017e\u00edva\u0165 a ako spr\u00e1vne manipulova\u0165 s imobiln\u00fdm \u010dlovekom<\/p>\n<p><img loading=\"lazy\" decoding=\"async\" class=\"alignnone size-medium wp-image-10600\" src=\"https:\/\/www.mostypomoci.sk\/wp-content\/uploads\/2025\/02\/dekubity-2-300x169.jpg\" alt=\"\" width=\"300\" height=\"169\" srcset=\"https:\/\/www.mostypomoci.sk\/wp-content\/uploads\/2025\/02\/dekubity-2-300x169.jpg 300w, https:\/\/www.mostypomoci.sk\/wp-content\/uploads\/2025\/02\/dekubity-2-1024x576.jpg 1024w, https:\/\/www.mostypomoci.sk\/wp-content\/uploads\/2025\/02\/dekubity-2-768x432.jpg 768w, https:\/\/www.mostypomoci.sk\/wp-content\/uploads\/2025\/02\/dekubity-2-1536x864.jpg 1536w, https:\/\/www.mostypomoci.sk\/wp-content\/uploads\/2025\/02\/dekubity-2.jpg 1920w\" sizes=\"auto, (max-width: 300px) 100vw, 300px\" \/><\/p>\n<ul>\n<li>\n<h3><em><strong>Rizika p\u00e1du seniora &#8211; prevencia:<\/strong><\/em><\/h3>\n<\/li>\n<\/ul>\n<p>Vysvetlenie riz\u00edk, holistick\u00e9 vn\u00edmanie p\u00e1dov, predch\u00e1dzanie &#8211; prevencia p\u00e1dov \/ uk\u00e1\u017eka signaliza\u010dn\u00fdch pom\u00f4cok a prevent\u00edvnych opatren\u00ed<\/p>\n<p><img loading=\"lazy\" decoding=\"async\" class=\"alignnone  wp-image-9797\" src=\"https:\/\/www.mostypomoci.sk\/wp-content\/uploads\/2023\/10\/images-14.jpeg\" alt=\"\" width=\"191\" height=\"127\" \/> <img loading=\"lazy\" decoding=\"async\" class=\"alignnone  wp-image-9798\" src=\"https:\/\/www.mostypomoci.sk\/wp-content\/uploads\/2023\/10\/stiahnut-2.jpeg\" alt=\"\" width=\"227\" height=\"127\" \/> <img loading=\"lazy\" decoding=\"async\" class=\"alignnone  wp-image-9799\" src=\"https:\/\/www.mostypomoci.sk\/wp-content\/uploads\/2023\/10\/stiahnut-9.jpeg\" alt=\"\" width=\"189\" height=\"126\" \/><\/p>\n<ul>\n<li>\n<h3><em><strong>Hygiena \/ v\u00edrusy a bakt\u00e9rie<\/strong>:<\/em><\/h3>\n<\/li>\n<\/ul>\n<p>Hygiena zveren\u00e9ho \u010dloveka \/ ako si spr\u00e1vne um\u00fdva\u0165, \u010di dezinfikova\u0165 ruky \/ \u010do je nachladenie, v\u00edrusov\u00e1, \u010di bakteri\u00e1lna infekcia<\/p>\n<p><img loading=\"lazy\" decoding=\"async\" class=\"alignnone size-full wp-image-9017\" src=\"https:\/\/www.mostypomoci.sk\/wp-content\/uploads\/2022\/01\/stiahnu\u0165-2.jpg\" alt=\"\" width=\"275\" height=\"184\" \/> <img loading=\"lazy\" decoding=\"async\" class=\"alignnone size-full wp-image-10019\" src=\"https:\/\/www.mostypomoci.sk\/wp-content\/uploads\/2024\/02\/ruky.jpeg\" alt=\"\" width=\"275\" height=\"183\" \/><\/p>\n<ul>\n<li>\n<h3><em><strong>Imobilita a inaktivita \/ Imobiliza\u010dn\u00fd syndr\u00f3m<\/strong> :<\/em><\/h3>\n<\/li>\n<\/ul>\n<p>Ak\u00e9 oblasti \u017eivota postihuje \u010diasto\u010dn\u00e1, \u010di \u00fapln\u00e1 imobilita. Ak\u00fd je vlastne imobiln\u00fd \u010dlovek ?<\/p>\n<p><img loading=\"lazy\" decoding=\"async\" class=\"alignnone size-medium wp-image-9005\" src=\"https:\/\/www.mostypomoci.sk\/wp-content\/uploads\/2022\/01\/images-6-300x156.jpg\" alt=\"\" width=\"300\" height=\"156\" srcset=\"https:\/\/www.mostypomoci.sk\/wp-content\/uploads\/2022\/01\/images-6-300x156.jpg 300w, https:\/\/www.mostypomoci.sk\/wp-content\/uploads\/2022\/01\/images-6.jpg 311w\" sizes=\"auto, (max-width: 300px) 100vw, 300px\" \/><\/p>\n<ul>\n<li>\n<h3><em><strong>Komunik\u00e1cia \/ asertivita \/ komunik\u00e1cia pri opatrovan\u00ed<\/strong> :<\/em><\/h3>\n<\/li>\n<\/ul>\n<p>Z\u00e1kladn\u00e9 rozdelenie a pravidl\u00e1 komunik\u00e1cie, prostriedky verb\u00e1lnej a neverb\u00e1lnej komunik\u00e1cie<\/p>\n<p>T\u00e1to predn\u00e1\u0161ka je \u00favod k predn\u00e1\u0161ke komunik\u00e1cia s \u010dlovekom s demenciou Azheimerov\u00e9ho typu<\/p>\n<p><img loading=\"lazy\" decoding=\"async\" class=\"alignnone size-full wp-image-9025\" src=\"https:\/\/www.mostypomoci.sk\/wp-content\/uploads\/2022\/01\/stiahnu\u0165-10.jpg\" alt=\"\" width=\"275\" height=\"183\" \/><\/p>\n<ul>\n<li>\n<h3><em><strong>Komunik\u00e1cia \/ Valid\u00e1cia \/ Agresivita<\/strong> :<\/em><\/h3>\n<\/li>\n<\/ul>\n<p>Komunik\u00e1cia s \u010dlovekom s demenciou Azheimerov\u00e9ho typu, \u010do je\u00a0 Valid\u00e1cia, pravidl\u00e1 deeskal\u00e1cie.<\/p>\n<p><img loading=\"lazy\" decoding=\"async\" class=\"alignnone size-medium wp-image-9021\" src=\"https:\/\/www.mostypomoci.sk\/wp-content\/uploads\/2022\/01\/stiahnu\u0165-6-300x118.jpg\" alt=\"\" width=\"300\" height=\"118\" srcset=\"https:\/\/www.mostypomoci.sk\/wp-content\/uploads\/2022\/01\/stiahnu\u0165-6-300x118.jpg 300w, https:\/\/www.mostypomoci.sk\/wp-content\/uploads\/2022\/01\/stiahnu\u0165-6.jpg 357w\" sizes=\"auto, (max-width: 300px) 100vw, 300px\" \/><\/p>\n<ul>\n<li>\n<h3><em><strong>Pr\u00edjem potravy a\u00a0vylu\u010dovanie\u00a0 <\/strong>\u00a0:<\/em><\/h3>\n<\/li>\n<\/ul>\n<p>Pr\u00edprava stravy, pomoc pod\u00e1van\u00ed, na \u010do si d\u00e1va\u0165 pozor<\/p>\n<p>Pomoc pri vylu\u010dovan\u00ed, PEG sonda &#8211; starostlivos\u0165 a pod\u00e1vanie stravy, Mo\u010dov\u00fd kat\u00e9ter a mo\u010dov\u00e9 vrecko, kolost\u00f3mia &#8211; v\u00fdmena kolostomick\u00e9ho vrecka<\/p>\n<p><img loading=\"lazy\" decoding=\"async\" class=\"alignnone wp-image-9024\" src=\"https:\/\/www.mostypomoci.sk\/wp-content\/uploads\/2022\/01\/stiahnu\u0165-9.jpg\" alt=\"\" width=\"286\" height=\"190\" \/>\u00a0\u00a0<img loading=\"lazy\" decoding=\"async\" class=\"alignnone wp-image-9023\" src=\"https:\/\/www.mostypomoci.sk\/wp-content\/uploads\/2022\/01\/stiahnu\u0165-8.jpg\" alt=\"\" width=\"267\" height=\"191\" \/><\/p>\n<ul>\n<li>\n<h3><em><span style=\"color: #000000;\"><strong>Pod\u00e1vanie liekov opatrovate\u013ekou :<\/strong><\/span><\/em><\/h3>\n<\/li>\n<\/ul>\n<p>Pod\u00e1vanie liekov, alergie, kombin\u00e1cie liekov a potravy, z\u00e1sady pri aplik\u00e1cii a usklad\u0148ovan\u00ed liekov a opi\u00e1tov, \u010do hovor\u00ed z\u00e1kon &#8211; za ak\u00fdch podmienok m\u00f4\u017ee opatrovate\u013eka pod\u00e1va\u0165 lieky, Blister<\/p>\n<p><img loading=\"lazy\" decoding=\"async\" class=\"alignnone size-full wp-image-9856\" src=\"https:\/\/www.mostypomoci.sk\/wp-content\/uploads\/2023\/12\/images-3.jpg\" alt=\"\" width=\"298\" height=\"169\" \/> <img loading=\"lazy\" decoding=\"async\" class=\"alignnone  wp-image-9857\" src=\"https:\/\/www.mostypomoci.sk\/wp-content\/uploads\/2023\/12\/images-2.jpg\" alt=\"\" width=\"219\" height=\"167\" \/><\/p>\n<ul>\n<li>\n<h3><em><strong>Opatrovanie v dom\u00e1cnosti <\/strong>:<\/em><\/h3>\n<\/li>\n<\/ul>\n<p>Starostlivos\u0165 o\u00a0klienta, nie len v\u00a0dom\u00e1com prostred\u00ed. Podmienky, mobiliz\u00e1cia, hygiena.<\/p>\n<p><strong>T\u00e1to predn\u00e1\u0161ka je vhodn\u00e1 aj pre opatrovate\u013eky a\u00a0opatrovate\u013eov v\u00a0zariadeniach<\/strong> \u2013 je to komplexn\u00e1 predn\u00e1\u0161ka oh\u013eadom starostlivosti o \u010diasto\u010dne mobiln\u00e9ho klienta. Pomocou vide\u00ed s\u00fa demon\u0161trovan\u00e9 jednotliv\u00e9 \u010dinnosti , vr\u00e1tane polohovania, hygieny, um\u00fdvanie hlavy na l\u00f4\u017eku, v\u00fdmeny poste\u013enej bielizne, prezliekanie klienta, v\u00fdmena inkontinen\u010dn\u00e9ho materi\u00e1lu, manipul\u00e1cia s invalidn\u00fdm voz\u00edkom, polohovate\u013enou poste\u013eou, z\u00e1kladn\u00e1 prv\u00e1 pomoc, cvi\u010denia s klientom, at\u010f..<\/p>\n<p><img loading=\"lazy\" decoding=\"async\" class=\"alignnone size-full wp-image-9027\" src=\"https:\/\/www.mostypomoci.sk\/wp-content\/uploads\/2022\/01\/stiahnu\u0165-12.jpg\" alt=\"\" width=\"275\" height=\"183\" \/> <img loading=\"lazy\" decoding=\"async\" class=\"alignnone size-full wp-image-9026\" src=\"https:\/\/www.mostypomoci.sk\/wp-content\/uploads\/2022\/01\/stiahnu\u0165-11.jpg\" alt=\"\" width=\"275\" height=\"183\" \/><\/p>\n<ul>\n<li>\n<h3><em><strong>Dokument\u00e1cia v dom\u00e1cnosti \u2013 MODR\u00c1 SKRINKA<\/strong>\u00a0:<\/em><\/h3>\n<\/li>\n<\/ul>\n<p>Komplexn\u00e1 dokument\u00e1cia v dom\u00e1com prostred\u00ed. Nastavenie procesov v dom\u00e1cnosti. Predn\u00e1\u0161ka vhodn\u00e1 hlavne pre neform\u00e1lne opatrovate\u013eky \u2013 no nie len pre nich. Zaujme aj ter\u00e9nne opatrovate\u013eky \u010di koordin\u00e1torky.<\/p>\n<p>Modr\u00e1 skrinka je projekt vhodn\u00fd do ka\u017edej dom\u00e1cnosti. Bol prezentovan\u00fd na viacer\u00fdch medzin\u00e1rodn\u00fdch podujatiach, ako ITAPA, EUROCARERS, IHSOS FORUM. Je prezentovan\u00fd na V\u0160ZaSP sv. Al\u017ebety, letnej Bratislavskej univerzite seniorov a v\u0161ade, kde \u013eu\u010fom nie je lahostajn\u00e1 bezpe\u010dn\u00e1 starostlivos\u0165.<\/p>\n<p><img loading=\"lazy\" decoding=\"async\" class=\"alignnone size-full wp-image-9012\" src=\"https:\/\/www.mostypomoci.sk\/wp-content\/uploads\/2022\/01\/images-13.jpg\" alt=\"\" width=\"259\" height=\"194\" \/><\/p>\n<ul>\n<li>\n<h3>Nedobrovo\u013en\u00e1 starostlivos\u0165 &#8211; \u013eudsk\u00e9 pr\u00e1va a obmedzovanie osobnej slobody<\/h3>\n<\/li>\n<\/ul>\n<p>T\u00e9ma s ktorou sa denne stret\u00e1vame. Z\u00e1kon a etick\u00e1 dilema. V koho z\u00e1ujme kon\u00e1me<\/p>\n<p><img loading=\"lazy\" decoding=\"async\" class=\"alignnone size-full wp-image-10182\" src=\"https:\/\/www.mostypomoci.sk\/wp-content\/uploads\/2024\/05\/sud.jpeg\" alt=\"\" width=\"259\" height=\"194\" \/><\/p>\n<ul>\n<li>\n<h3>Smr\u0165, umieranie a paliat\u00edvna starostlivos\u0165<\/h3>\n<\/li>\n<\/ul>\n<p>Z\u00e1konn\u00e9 pravidl\u00e1 t\u00fdkaj\u00face sa smrti a bezprostredn\u00fdch \u00fakonov po nej, \u010do je paliat\u00edvna starostlivos\u0165, kto je dula zomieraj\u00facich a mnoh\u00e9 in\u00e9 inform\u00e1cie.\u00a0<\/p>\n<p><img loading=\"lazy\" decoding=\"async\" class=\"alignnone size-full wp-image-10425\" src=\"https:\/\/www.mostypomoci.sk\/wp-content\/uploads\/2024\/09\/ruza.jpeg\" alt=\"\" width=\"255\" height=\"198\" \/><\/p>\n<ul>\n<li>\n<h2 style=\"text-align: center;\"><em><strong>Sp\u00f4sob predn\u00e1\u0161ok \/ webin\u00e1rov a cena :<\/strong><\/em><\/h2>\n<\/li>\n<li>Prihl\u00e1\u0161ka:\u00a0<a href=\"https:\/\/forms.office.com\/r\/dvc2SQp6jM\">https:\/\/forms.office.com\/r\/dvc2SQp6jM<\/a><\/li>\n<\/ul>\n<p>Na z\u00e1klade prezen\u010dnej listiny a\u00a0\u00fa\u010dasti, bude vydan\u00e9 potvrdenie o\u00a0absolvovan\u00ed predn\u00e1\u0161ky.<\/p>\n<p>V pr\u00edpade prezen\u010dnej formy v de\u0148 predn\u00e1\u0161ky. V pr\u00edpade di\u0161tan\u010dnej na mailov\u00fa adresu, ako .pdf s\u00fabor <img loading=\"lazy\" decoding=\"async\" class=\"wp-image-9031\" src=\"https:\/\/www.mostypomoci.sk\/wp-content\/uploads\/2022\/01\/Diplom_Dobr\u00fd-vzor-kopie-300x212.jpg\" alt=\"\" width=\"431\" height=\"304\" srcset=\"https:\/\/www.mostypomoci.sk\/wp-content\/uploads\/2022\/01\/Diplom_Dobr\u00fd-vzor-kopie-300x212.jpg 300w, https:\/\/www.mostypomoci.sk\/wp-content\/uploads\/2022\/01\/Diplom_Dobr\u00fd-vzor-kopie-768x543.jpg 768w, https:\/\/www.mostypomoci.sk\/wp-content\/uploads\/2022\/01\/Diplom_Dobr\u00fd-vzor-kopie-1024x724.jpg 1024w\" sizes=\"auto, (max-width: 431px) 100vw, 431px\" \/> P\u00f4vodn\u00fd\u00a0 <img loading=\"lazy\" decoding=\"async\" class=\"alignnone size-medium wp-image-10759\" src=\"https:\/\/www.mostypomoci.sk\/wp-content\/uploads\/2025\/04\/Certifikat-VZOR-212x300.jpg\" alt=\"\" width=\"212\" height=\"300\" srcset=\"https:\/\/www.mostypomoci.sk\/wp-content\/uploads\/2025\/04\/Certifikat-VZOR-212x300.jpg 212w, https:\/\/www.mostypomoci.sk\/wp-content\/uploads\/2025\/04\/Certifikat-VZOR-724x1024.jpg 724w, https:\/\/www.mostypomoci.sk\/wp-content\/uploads\/2025\/04\/Certifikat-VZOR-768x1086.jpg 768w, https:\/\/www.mostypomoci.sk\/wp-content\/uploads\/2025\/04\/Certifikat-VZOR-1086x1536.jpg 1086w, https:\/\/www.mostypomoci.sk\/wp-content\/uploads\/2025\/04\/Certifikat-VZOR-1448x2048.jpg 1448w, https:\/\/www.mostypomoci.sk\/wp-content\/uploads\/2025\/04\/Certifikat-VZOR-scaled.jpg 1810w\" sizes=\"auto, (max-width: 212px) 100vw, 212px\" \/>\u00a0 Nov\u00fd<\/p>\n<ul>\n<li><strong>Predn\u00e1\u0161ky formou webin\u00e1rov prebiehaj\u00fa cez ZOOM<\/strong><\/li>\n<\/ul>\n<p><a href=\"https:\/\/us02web.zoom.us\/j\/6850453748?pwd=OExvU2xrU2U0Z3JQeG82Vjcxa3F4Zz09\">https:\/\/us02web.zoom.us\/j\/6850453748?pwd=OExvU2xrU2U0Z3JQeG82Vjcxa3F4Zz09<\/a><\/p>\n<ul>\n<li>Meeting ID: 685 045 3748<\/li>\n<li>Passcode: Mosty<\/li>\n<\/ul>\n<p><span style=\"color: #993366;\">CENN\u00cdK:<\/span><\/p>\n<p><span style=\"color: #993366;\"> v\u0161etky prostriedky s\u00fa pou\u017eit\u00e9 na \u010dinnos\u0165 n\u00e1\u0161ho o.z. \/ cena je doporu\u010den\u00e1<\/span><\/p>\n<p><span style=\"color: #993366;\">lektori predn\u00e1\u0161aj\u00fa bez n\u00e1roku na odmenu:<\/span><\/p>\n<p>Be\u017en\u00e1 cena pre ne\u010dlena :\u00a0 30,00 \u20ac \/ osoba \/ predn\u00e1\u0161ka \u2013 de\u0148<\/p>\n<p>Zv\u00fdhodnen\u00e1 cena :\u00a0 \u00a0 \u00a0 \u00a0 \u00a0 \u00a0 \u00a020,00 \u20ac \/ osoba \/ predn\u00e1\u0161ka &#8211; de\u0148<\/p>\n<p>&#8211; 10,00 \u20ac\u00a0 \/\u010dlenky a \u010dlenovia Komory Opatrovateliek Slovenska\/<\/p>\n<p><span style=\"color: #0000ff;\">Ak zamestn\u00e1vate\u013e uhrad\u00ed 20,00 \u20ac + 10,00 \u20ac hrad\u00ed KOS =\u00a0 0,00 \u20ac opatrovate\u013eka\u00a0<\/span><\/p>\n<p><span style=\"color: #0000ff;\">Zamestn\u00e1vate\u013e m\u00e1 povinnos\u0165 vzdel\u00e1va\u0165 zamestnancov, rovnako m\u00e1 povinnos\u0165 vytvori\u0165 pl\u00e1n vzdel\u00e1vania \ud83d\ude42<\/span><\/p>\n<p>\u0160kolite\u013e si po dodan\u00ed zoznamu \u00fa\u010dastn\u00edkov over\u00ed \u010dlenstvo v\u00a0KOS.<\/p>\n<p>\u010clenstvo v\u00a0KOS je 5,00 \u20ac ro\u010dne &#8211; <a href=\"https:\/\/www.komoraopatrovateliek.sk\/o-nas\">https:\/\/www.komoraopatrovateliek.sk\/o-nas<\/a><\/p>\n<p>Prihl\u00e1\u0161ka do Komory Opatrovateliek Slovenska :\u00a0 <a href=\"https:\/\/evidencia.komoraopatrovateliek.sk\/form\">https:\/\/evidencia.komoraopatrovateliek.sk\/form<\/a><\/p>\n<h3>Samostatn\u00e1 predn\u00e1\u0161ka pre organiz\u00e1ciu sa uskuto\u010dn\u00ed pri minim\u00e1lnej v\u00fd\u0161ke celkovej \u00fahrady\u00a0 \u00a0100,00 \u20ac = 5 os\u00f4b &#8211; s vydan\u00edm potvrdenia o \u00fa\u010dasti<\/h3>\n<h3><strong>Neform\u00e1lne opatrovate\u013eky a opatrovatelia, osobn\u00ed asistenti : 0,00 \u20ac<\/strong> &#8211; bez vydania potvrdenia o \u00fa\u010dasti \/ pros\u00edm kontaktujte n\u00e1s \ud83d\ude42<\/h3>\n<p>Term\u00edny a t\u00e9my predn\u00e1\u0161ok s\u00fa priebe\u017ene zverej\u0148ovan\u00e9 na \u00favodnej str\u00e1nke n\u00e1\u0161ho webu a<\/p>\n<ul>\n<li>fb skupina: <a href=\"https:\/\/www.facebook.com\/groups\/437687274079141\">MODR\u00c1 SKRINKA a\u00a0in\u00e9 predn\u00e1\u0161ky &#8230;<\/a><\/li>\n<li>pod\u013ea dohody a\u00a0z\u00e1ujmu o\u00a0konkr\u00e9tny term\u00edn a t\u00e9mu<\/li>\n<\/ul>\n<p>Kontakt : <a href=\"https:\/\/www.mostypomoci.sk\">www.mostypomoci.sk<\/a>\u00a0 \u00a0<a href=\"mailto:mostypomoci@gmail.com\">mostypomoci@gmail.com<\/a><\/p>\n<p>Mosty pomoci, Fedinova 6, 851 01 Bratislava.\u00a0\u00a0\u00a0 \u0160tatut\u00e1rny z\u00e1stupca: Jaroslav Serv\u00e1tka, MBA<\/p>\n<p>V\u00a0pr\u00edpade z\u00e1ujmu o\u00a0\u010dlenstvo v\u00a0Komore Opatrovateliek Slovenska : <a href=\"https:\/\/www.komoraopatrovateliek.sk\/kontakt\">https:\/\/www.komoraopatrovateliek.sk\/kontakt<\/a> \u00a0\u00a0<a href=\"mailto:sekretariat@komoraopatrovateliek.sk\">sekretariat@komoraopatrovateliek.sk<\/a><\/p>\n\n\n\n\n<figure class=\"wp-block-gallery has-nested-images columns-default is-cropped wp-block-gallery-1 is-layout-flex wp-block-gallery-is-layout-flex\"><\/figure>\n\n\n\n<figure class=\"wp-block-gallery has-nested-images columns-default is-cropped wp-block-gallery-2 is-layout-flex wp-block-gallery-is-layout-flex\"><\/figure>\n\n\n\n<figure class=\"wp-block-gallery has-nested-images columns-default is-cropped wp-block-gallery-3 is-layout-flex wp-block-gallery-is-layout-flex\"><\/figure>\n\n\n\n\n\n\n\n\n\n\n","protected":false},"excerpt":{"rendered":"<p>Predn\u00e1\u0161ky a webin\u00e1re s\u00fa CERTIFIKOVAN\u00c9 M\u0160VVaM SR: Certifik\u00e1cia RCVI_2025_000049 (23.05.2025) realizovan\u00e9 pod\u013ea aktu\u00e1lnej ponuky, ktor\u00fa n\u00e1jdete na \u00favodnej str\u00e1nke,\u00a0 alebo fb : MOSTY POMOCI fb:MODR\u00c1 SKRINKA a in\u00e9 predn\u00e1\u0161ky &#8230;, pr\u00edpadne po osobnej dohode. Vitajte a \u010fakujeme za v\u00e1\u0161 z\u00e1ujem! Sme radi, \u017ee ste sa rozhodli z\u00fa\u010dastni\u0165 na\u0161\u00edch predn\u00e1\u0161ok. Od roku 2015 sme tu pre [&hellip;]<\/p>\n","protected":false},"author":1,"featured_media":0,"parent":85,"menu_order":0,"comment_status":"closed","ping_status":"closed","template":"","meta":{"jetpack_post_was_ever_published":false,"footnotes":""},"class_list":["post-184","page","type-page","status-publish","hentry"],"jetpack_sharing_enabled":true,"jetpack_shortlink":"https:\/\/wp.me\/P6hR6t-2Y","_links":{"self":[{"href":"https:\/\/www.mostypomoci.sk\/index.php?rest_route=\/wp\/v2\/pages\/184","targetHints":{"allow":["GET"]}}],"collection":[{"href":"https:\/\/www.mostypomoci.sk\/index.php?rest_route=\/wp\/v2\/pages"}],"about":[{"href":"https:\/\/www.mostypomoci.sk\/index.php?rest_route=\/wp\/v2\/types\/page"}],"author":[{"embeddable":true,"href":"https:\/\/www.mostypomoci.sk\/index.php?rest_route=\/wp\/v2\/users\/1"}],"replies":[{"embeddable":true,"href":"https:\/\/www.mostypomoci.sk\/index.php?rest_route=%2Fwp%2Fv2%2Fcomments&post=184"}],"version-history":[{"count":49,"href":"https:\/\/www.mostypomoci.sk\/index.php?rest_route=\/wp\/v2\/pages\/184\/revisions"}],"predecessor-version":[{"id":11176,"href":"https:\/\/www.mostypomoci.sk\/index.php?rest_route=\/wp\/v2\/pages\/184\/revisions\/11176"}],"up":[{"embeddable":true,"href":"https:\/\/www.mostypomoci.sk\/index.php?rest_route=\/wp\/v2\/pages\/85"}],"wp:attachment":[{"href":"https:\/\/www.mostypomoci.sk\/index.php?rest_route=%2Fwp%2Fv2%2Fmedia&parent=184"}],"curies":[{"name":"wp","href":"https:\/\/api.w.org\/{rel}","templated":true}]}}