{"id":283,"date":"2015-08-24T22:24:27","date_gmt":"2015-08-24T20:24:27","guid":{"rendered":"http:\/\/www.mostypomoci.sk\/?page_id=283"},"modified":"2026-04-11T07:51:50","modified_gmt":"2026-04-11T05:51:50","slug":"lektori","status":"publish","type":"page","link":"https:\/\/www.mostypomoci.sk\/?page_id=283","title":{"rendered":"Lektori"},"content":{"rendered":"<h4><img loading=\"lazy\" decoding=\"async\" class=\"alignnone wp-image-3781 \" src=\"https:\/\/www.mostypomoci.sk\/wp-content\/uploads\/2020\/07\/108968780_4467038563314196_7125978038474667920_o-e1663252622690-284x300.jpg\" alt=\"\" width=\"151\" height=\"160\" srcset=\"https:\/\/www.mostypomoci.sk\/wp-content\/uploads\/2020\/07\/108968780_4467038563314196_7125978038474667920_o-e1663252622690-284x300.jpg 284w, https:\/\/www.mostypomoci.sk\/wp-content\/uploads\/2020\/07\/108968780_4467038563314196_7125978038474667920_o-e1663252622690-768x812.jpg 768w, https:\/\/www.mostypomoci.sk\/wp-content\/uploads\/2020\/07\/108968780_4467038563314196_7125978038474667920_o-e1663252622690-969x1024.jpg 969w, https:\/\/www.mostypomoci.sk\/wp-content\/uploads\/2020\/07\/108968780_4467038563314196_7125978038474667920_o-e1663252622690.jpg 1334w\" sizes=\"auto, (max-width: 151px) 100vw, 151px\" \/><\/h4>\n<h4><strong>Jaroslav Serv\u00e1tka, MBA, DiS.\u00a0 (DGKP)<\/strong><\/h4>\n<p>Pracuje ako Diplomovan\u00fd zdravotn\u00edcky pracovn\u00edk v Rak\u00fasku \/prax od roku 1984 \/ praktick\u00e9 sk\u00fasenosti s opatrovate\u013eskou starostlivos\u0165ou seniorov od roku 1990. Prax SK, DE, AT &#8211; priv\u00e1tny aj \u0161t\u00e1tny sektor. Prax v rodine, v zariaden\u00ed, v ambulancii. Pracovn\u00e9 poz\u00edcie : vojensk\u00fd zdravotn\u00edk, gerontopsychiatria l\u00f4\u017eko, stani\u010dn\u00fd , ved\u00faci priv\u00e1tneho zariadenia. MBA &#8211; Kontroling a poradenstvo pre kvalitu v soci\u00e1lnych slu\u017eb\u00e1ch. DiS. &#8211; 7666 Q starostlivos\u0165 v soci\u00e1lnych slu\u017eb\u00e1ch a ter\u00e9nna prax. V\u0160ZSP sv. Al\u017ebety &#8211; soci\u00e1lna pr\u00e1ca.<\/p>\n<p>Absolvovan\u00e9 \u0161kolenia valid\u00e1cie, deeskal\u00e1cie, aromaterapie, paliat\u00edvnej starostlivosti a\u00a0 mnoh\u00e9 \u010fal\u0161ie v LGA AT.<\/p>\n<p>Zakladate\u013e a \u0161tatut\u00e1rny z\u00e1stupca MOSTY POMOCI o.z. \/ Poradca KOS &#8211; Komora opatrovateliek SK<\/p>\n<p>Ocenen\u00fd Asoci\u00e1ciou odborn\u00fdch pracovn\u00edkov soci\u00e1lnych slu\u017eieb \/ Cena prezidentky (Hol\u00ed\u010d, 2022)<\/p>\n<p>Ocenen\u00fd Asoci\u00e1ciou odborn\u00fdch pracovn\u00edkov soci\u00e1lnych slu\u017eieb \/ Kr\u00edzov\u00fd management (\u017dilina, 2023)<\/p>\n<p>Po\u010fakovanie prezidenta SR za pr\u00ednos v soci\u00e1lnej oblasti (Bratislava, 2024)<\/p>\n<p><img loading=\"lazy\" decoding=\"async\" class=\"alignnone wp-image-9275\" src=\"https:\/\/www.mostypomoci.sk\/wp-content\/uploads\/2022\/09\/Kova\u013eov\u00e1-300x241.jpg\" alt=\"\" width=\"162\" height=\"130\" srcset=\"https:\/\/www.mostypomoci.sk\/wp-content\/uploads\/2022\/09\/Kova\u013eov\u00e1-300x241.jpg 300w, https:\/\/www.mostypomoci.sk\/wp-content\/uploads\/2022\/09\/Kova\u013eov\u00e1.jpg 750w\" sizes=\"auto, (max-width: 162px) 100vw, 162px\" \/><\/p>\n<h4>PhDr. Ma\u0301ria Kov\u00e1\u013eova\u0301, PhD. MHA. MBA<\/h4>\n<div class=\"wpb_text_column wpb_content_element \">\n<div class=\"wpb_wrapper\">\n<p>Pracuje v soci\u00e1lnych slu\u017eb\u00e1ch\u00a0 ako mana\u017e\u00e9rka kvality, aud\u00edtorka, projektov\u00e1 mana\u017e\u00e9rka a hlavne ako garantka mnoh\u00fdch vzdel\u00e1vac\u00edch aktiv\u00edt pre pracovn\u00edkov v soci\u00e1lnych slu\u017eb\u00e1ch. Je zakladate\u013ekou Asoci\u00e1cie odborn\u00fdch pracovn\u00edkov soci\u00e1lnych slu\u017eieb za \u00fa\u010delom zdru\u017eovania odborn\u00fdch pracovn\u00edkov t\u00fdch zariaden\u00ed, kde p\u00f4sob\u00ed ako poradky\u0148a, alebo ako \u0161kolite\u013eka.<\/p>\n<p>S\u00fa\u010dasne patr\u00ed k zakladate\u013eom Akad\u00e9mie vzdel\u00e1vania a v\u00fdskumu v soci\u00e1lnych slu\u017eb\u00e1ch, kde p\u00f4sob\u00ed ako lektorka.\u00a0Vzdel\u00e1vanie, projektov\u00e1 \u010dinnos\u0165, \u00fa\u010das\u0165 v\u00a0odborn\u00fdch\u00a0komisi\u00e1ch.<\/p>\n<p>Tvor\u00ed n\u00e1rodn\u00e9 a medzin\u00e1rodn\u00e9 projekty.<\/p>\n<p>P\u00f4sobila ako\u00a0Duchovn\u00e1 spr\u00e1vky\u0148a Evanjelickej diakonie, far\u00e1rka, charitat\u00edvna \u010dinnos\u0165.<\/p>\n<\/div>\n<\/div>\n<p><img loading=\"lazy\" decoding=\"async\" class=\"alignnone wp-image-859\" src=\"https:\/\/www.mostypomoci.sk\/wp-content\/uploads\/2015\/08\/Henka-225x300.jpg\" alt=\"\" width=\"156\" height=\"208\" srcset=\"https:\/\/www.mostypomoci.sk\/wp-content\/uploads\/2015\/08\/Henka-225x300.jpg 225w, https:\/\/www.mostypomoci.sk\/wp-content\/uploads\/2015\/08\/Henka.jpg 720w\" sizes=\"auto, (max-width: 156px) 100vw, 156px\" \/><\/p>\n<h4><strong>Henrieta Serv\u00e1tka Ivanov\u00e1<\/strong><\/h4>\n<p>Zdravotn\u00e1 sestra \/ prax od roku 1983 \/ praktick\u00e9 sk\u00fasenosti s opatrovate\u013eskou starostlivos\u0165ou \u010dloveka s psychiatrickou diagn\u00f3zou<\/p>\n<p>Zdravotn\u00e1 sestra &#8211; Centrum MEMORY n.o.<\/p>\n<p><img loading=\"lazy\" decoding=\"async\" class=\"alignnone wp-image-9073\" src=\"https:\/\/www.mostypomoci.sk\/wp-content\/uploads\/2022\/02\/i-z-dil-ova-240x300.png\" alt=\"\" width=\"156\" height=\"195\" srcset=\"https:\/\/www.mostypomoci.sk\/wp-content\/uploads\/2022\/02\/i-z-dil-ova-240x300.png 240w, https:\/\/www.mostypomoci.sk\/wp-content\/uploads\/2022\/02\/i-z-dil-ova.png 469w\" sizes=\"auto, (max-width: 156px) 100vw, 156px\" \/><\/p>\n<h3>Mgr. Iveta \u017ddi\u013eov\u00e1, MBA<\/h3>\n<div class=\"text\">\n<p>V DSS a ZSS pracovala ako zdravotn\u00e1 sestra a opatrovate\u013eka.<\/p>\n<p>N\u00e1sledne 6 rokov ako opatrovate\u013eka v dom\u00e1cnosti a zariaden\u00ed podporovan\u00e9ho b\u00fdvania v USA,\u00a0 Anglicku a Rak\u00fasku.<\/p>\n<p>M\u00e1 sk\u00fasenos\u0165 aj ako n\u00e1borov\u00fd pracovn\u00edk pre opatrovate\u013esk\u00fa agent\u00faru v Anglicku a vo vo\u013enom \u010dase p\u00f4sob\u00ed ako dobrovo\u013en\u00edk v komunite.<\/p>\n<p>Podpredsedn\u00ed\u010dka KOS &#8211; Komora opatrovateliek SK. \u010clenka rady European Association Working for Carers<\/p>\n<p><img loading=\"lazy\" decoding=\"async\" class=\"alignnone  wp-image-10709\" src=\"https:\/\/www.mostypomoci.sk\/wp-content\/uploads\/2025\/04\/4535a3e9-7b6d-45b8-be2b-7675bebd8c95-300x225.jpg\" alt=\"\" width=\"222\" height=\"166\" srcset=\"https:\/\/www.mostypomoci.sk\/wp-content\/uploads\/2025\/04\/4535a3e9-7b6d-45b8-be2b-7675bebd8c95-300x225.jpg 300w, https:\/\/www.mostypomoci.sk\/wp-content\/uploads\/2025\/04\/4535a3e9-7b6d-45b8-be2b-7675bebd8c95.jpg 671w\" sizes=\"auto, (max-width: 222px) 100vw, 222px\" \/><\/p>\n<\/div>\n<h3>Mgr. M\u00e1ria Lopu\u0161n\u00e1 Eremi\u00e1\u0161ov\u00e1<\/h3>\n<p>Pracuje ako Diplomovan\u00fd zdravotn\u00edcky pracovn\u00edk v Rak\u00fasku<\/p>\n<p>Zdravotn\u00e1 sestra \/ prax od roku 1995 \/\u00a0 \u00a0 \u00a0Diplomovan\u00e1 v\u0161eobecn\u00e1 sestra \/od roku 2004\/<\/p>\n<p>Mgr. \/od roku 2015\/<\/p>\n<p>Prax FN Trnava, Dom\u00e1ca o\u0161etrovate\u013esk\u00e1 starostlivos\u0165 Rak\u00fasko, s\u00fakromn\u00e9 a \u0161t\u00e1tne zariadenie Rak\u00fasko.<\/p>\n<p>Absolvovan\u00e9 n\u00e1sledne \u0161kolenia valid\u00e1cie, deeskal\u00e1cie, aromaterapie, paliat\u00edvnej starostlivosti a\u00a0 mnoh\u00e9 \u010fal\u0161ie v LGA AT.<\/p>\n<p><img loading=\"lazy\" decoding=\"async\" class=\"alignnone wp-image-860\" src=\"https:\/\/www.mostypomoci.sk\/wp-content\/uploads\/2015\/08\/minar-300x200.jpg\" alt=\"\" width=\"206\" height=\"137\" srcset=\"https:\/\/www.mostypomoci.sk\/wp-content\/uploads\/2015\/08\/minar-300x200.jpg 300w, https:\/\/www.mostypomoci.sk\/wp-content\/uploads\/2015\/08\/minar.jpg 690w\" sizes=\"auto, (max-width: 206px) 100vw, 206px\" \/> <img loading=\"lazy\" decoding=\"async\" class=\"alignnone  wp-image-9107\" src=\"https:\/\/www.mostypomoci.sk\/wp-content\/uploads\/2022\/03\/276157615_2780653335569046_1087197991947052873_n-300x225.jpg\" alt=\"\" width=\"187\" height=\"140\" srcset=\"https:\/\/www.mostypomoci.sk\/wp-content\/uploads\/2022\/03\/276157615_2780653335569046_1087197991947052873_n-300x225.jpg 300w, https:\/\/www.mostypomoci.sk\/wp-content\/uploads\/2022\/03\/276157615_2780653335569046_1087197991947052873_n-768x576.jpg 768w, https:\/\/www.mostypomoci.sk\/wp-content\/uploads\/2022\/03\/276157615_2780653335569046_1087197991947052873_n-1024x768.jpg 1024w, https:\/\/www.mostypomoci.sk\/wp-content\/uploads\/2022\/03\/276157615_2780653335569046_1087197991947052873_n.jpg 2048w\" sizes=\"auto, (max-width: 187px) 100vw, 187px\" \/><\/p>\n<h3><strong>Mgr. Jozef Min\u00e1r \/\u00a0 \u00a0 \u00a0 Mgr. Arp\u00e1d Esterg\u00e1lyos<\/strong><br \/>\nOpera\u010dn\u00e9 stredisko z\u00e1chrannej zdravotnej slu\u017eby SR \/ prax od roku 1973<\/h3>\n<p>Kurzy prvej pomoci s\u00fa realizovan\u00e9 v priestoroch OS ZZS SR na Trnavskej ceste v Bratislave<\/p>\n<p><img loading=\"lazy\" decoding=\"async\" class=\"alignnone wp-image-870\" src=\"https:\/\/www.mostypomoci.sk\/wp-content\/uploads\/2015\/08\/mimina-300x300.jpg\" alt=\"\" width=\"121\" height=\"121\" srcset=\"https:\/\/www.mostypomoci.sk\/wp-content\/uploads\/2015\/08\/mimina-300x300.jpg 300w, https:\/\/www.mostypomoci.sk\/wp-content\/uploads\/2015\/08\/mimina-150x150.jpg 150w, https:\/\/www.mostypomoci.sk\/wp-content\/uploads\/2015\/08\/mimina-768x768.jpg 768w, https:\/\/www.mostypomoci.sk\/wp-content\/uploads\/2015\/08\/mimina-60x60.jpg 60w, https:\/\/www.mostypomoci.sk\/wp-content\/uploads\/2015\/08\/mimina.jpg 960w\" sizes=\"auto, (max-width: 121px) 100vw, 121px\" \/><\/p>\n<p><strong>Milada Gerbelov\u00e1<\/strong><br \/>\nFyzioterapeutka &#8211; vysvetl\u00ed a uk\u00e1\u017ee, ako spr\u00e1vne manipulova\u0165 s postihnut\u00fdm \u010dlovekom<\/p>\n<p><img loading=\"lazy\" decoding=\"async\" class=\"alignnone wp-image-864\" src=\"https:\/\/www.mostypomoci.sk\/wp-content\/uploads\/2015\/06\/Melita-300x300.jpg\" alt=\"\" width=\"117\" height=\"117\" srcset=\"https:\/\/www.mostypomoci.sk\/wp-content\/uploads\/2015\/06\/Melita-300x300.jpg 300w, https:\/\/www.mostypomoci.sk\/wp-content\/uploads\/2015\/06\/Melita-150x150.jpg 150w, https:\/\/www.mostypomoci.sk\/wp-content\/uploads\/2015\/06\/Melita-768x768.jpg 768w, https:\/\/www.mostypomoci.sk\/wp-content\/uploads\/2015\/06\/Melita-60x60.jpg 60w, https:\/\/www.mostypomoci.sk\/wp-content\/uploads\/2015\/06\/Melita.jpg 960w\" sizes=\"auto, (max-width: 117px) 100vw, 117px\" \/><\/p>\n<p><strong>Melita\u00a0<\/strong><br \/>\nV\u00fdtvarn\u00ed\u010dka &#8211; Zozn\u00e1mi v\u00e1s s Arteterapiou<\/p>\n<p><img loading=\"lazy\" decoding=\"async\" class=\"alignnone wp-image-1215\" src=\"https:\/\/www.mostypomoci.sk\/wp-content\/uploads\/2018\/07\/zuzka-rovenska-300x300.jpg\" alt=\"\" width=\"140\" height=\"140\" srcset=\"https:\/\/www.mostypomoci.sk\/wp-content\/uploads\/2018\/07\/zuzka-rovenska-300x300.jpg 300w, https:\/\/www.mostypomoci.sk\/wp-content\/uploads\/2018\/07\/zuzka-rovenska-150x150.jpg 150w, https:\/\/www.mostypomoci.sk\/wp-content\/uploads\/2018\/07\/zuzka-rovenska-60x60.jpg 60w, https:\/\/www.mostypomoci.sk\/wp-content\/uploads\/2018\/07\/zuzka-rovenska.jpg 612w\" sizes=\"auto, (max-width: 140px) 100vw, 140px\" \/><\/p>\n<h4>Zuzana Rovensk\u00e1<\/h4>\n<p>Kurzy nem\u010diny, preklady, pomoc s tla\u010divami<\/p>\n","protected":false},"excerpt":{"rendered":"<p>Jaroslav Serv\u00e1tka, MBA, DiS.\u00a0 (DGKP) Pracuje ako Diplomovan\u00fd zdravotn\u00edcky pracovn\u00edk v Rak\u00fasku \/prax od roku 1984 \/ praktick\u00e9 sk\u00fasenosti s opatrovate\u013eskou starostlivos\u0165ou seniorov od roku 1990. Prax SK, DE, AT &#8211; priv\u00e1tny aj \u0161t\u00e1tny sektor. Prax v rodine, v zariaden\u00ed, v ambulancii. Pracovn\u00e9 poz\u00edcie : vojensk\u00fd zdravotn\u00edk, gerontopsychiatria l\u00f4\u017eko, stani\u010dn\u00fd , ved\u00faci priv\u00e1tneho zariadenia. MBA [&hellip;]<\/p>\n","protected":false},"author":1,"featured_media":0,"parent":31,"menu_order":0,"comment_status":"open","ping_status":"closed","template":"","meta":{"jetpack_post_was_ever_published":false,"footnotes":""},"class_list":["post-283","page","type-page","status-publish","hentry"],"jetpack_sharing_enabled":true,"jetpack_shortlink":"https:\/\/wp.me\/P6hR6t-4z","_links":{"self":[{"href":"https:\/\/www.mostypomoci.sk\/index.php?rest_route=\/wp\/v2\/pages\/283","targetHints":{"allow":["GET"]}}],"collection":[{"href":"https:\/\/www.mostypomoci.sk\/index.php?rest_route=\/wp\/v2\/pages"}],"about":[{"href":"https:\/\/www.mostypomoci.sk\/index.php?rest_route=\/wp\/v2\/types\/page"}],"author":[{"embeddable":true,"href":"https:\/\/www.mostypomoci.sk\/index.php?rest_route=\/wp\/v2\/users\/1"}],"replies":[{"embeddable":true,"href":"https:\/\/www.mostypomoci.sk\/index.php?rest_route=%2Fwp%2Fv2%2Fcomments&post=283"}],"version-history":[{"count":40,"href":"https:\/\/www.mostypomoci.sk\/index.php?rest_route=\/wp\/v2\/pages\/283\/revisions"}],"predecessor-version":[{"id":11278,"href":"https:\/\/www.mostypomoci.sk\/index.php?rest_route=\/wp\/v2\/pages\/283\/revisions\/11278"}],"up":[{"embeddable":true,"href":"https:\/\/www.mostypomoci.sk\/index.php?rest_route=\/wp\/v2\/pages\/31"}],"wp:attachment":[{"href":"https:\/\/www.mostypomoci.sk\/index.php?rest_route=%2Fwp%2Fv2%2Fmedia&parent=283"}],"curies":[{"name":"wp","href":"https:\/\/api.w.org\/{rel}","templated":true}]}}